{"id":48068,"date":"2021-12-03T01:04:54","date_gmt":"2021-12-03T00:04:54","guid":{"rendered":"https:\/\/lkw-teile-truckmotive.de\/index.php\/produkt\/federspanner-fuer-lkw-plane-mit-riemen-und-haken-verzinkt-universal-einsetzbar"},"modified":"2026-03-24T11:43:54","modified_gmt":"2026-03-24T10:43:54","slug":"federspanner-fuer-lkw-plane-mit-riemen-und-haken-verzinkt-universal-einsetzbar","status":"publish","type":"product","link":"https:\/\/lkw-teile-truckmotive.de\/index.php\/produkt\/federspanner-fuer-lkw-plane-mit-riemen-und-haken-verzinkt-universal-einsetzbar","title":{"rendered":"Federspanner f\u00fcr LKW-Plane mit Riemen und Haken \u2013 verzinkt universal einsetzbar"},"content":{"rendered":"<div style=\"font-size:15px\">\n<h4>Federspanner f\u00fcr LKW-Plane mit Riemen und Haken \u2013 verzinkt universal einsetzbar<\/h4>\n<div class=\"table_info\">\n<p>Original Teblox Federspanner LKW-Plane<br \/>\nVerzinkt &#8211; Wind-und Wetter-best\u00e4ndig<br \/>\nMit Gurt und Haken<\/p>\n<table>\n<tr>\n<td>Gurtbreite<\/td>\n<td>46mm<\/td>\n<\/tr>\n<tr>\n<td>Gurtl\u00e4nge<\/td>\n<td>640mm<\/td>\n<\/tr>\n<tr>\n<td>Hakenbreite<\/td>\n<td>63mm<\/td>\n<\/tr>\n<tr>\n<td>Hakenh\u00f6he<\/td>\n<td>52mm<\/td>\n<\/tr>\n<tr>\n<td>Hakenst\u00e4rke<\/td>\n<td>2mm<\/td>\n<\/tr>\n<\/table>\n<\/p><\/div>\n<p>                <span style=\"font-size:1px;color:white\">Federspanner, \u00dcbertotpunktspanner, Spanner, \u00dcbertotpunkt, Gurt, Haken, Verzinkt, Wetterfest, Witterungsbest\u00e4ndig, Sattelauflieger, LKW-Spanner, Rostfrei<\/span><\/p>\n<h4>OE &amp; OEM Referenznummern:<\/h4>\n<p><a href=\"https:\/\/lkw-teile-truckmotive.de\/products\/Federspanner\">Federspanner<\/a>, <a href=\"https:\/\/lkw-teile-truckmotive.de\/products\/LKW-Spanner\">LKW-Spanner<\/a>, <a href=\"https:\/\/lkw-teile-truckmotive.de\/products\/%C3%9Cbertotpunktspanner\">\u00dcbertotpunktspanner<\/a>, <a href=\"https:\/\/lkw-teile-truckmotive.de\/products\/Sattelauflieger\">Sattelauflieger<\/a>, <a href=\"https:\/\/lkw-teile-truckmotive.de\/products\/verzinkt\">verzinkt<\/a><\/p>\n<p><span style=\"font-size:12px\"><b>Hinweis: <\/b><br \/>Alle aufgef\u00fchrten Marken, Referenzen sowie Vergleichsnummern dienen lediglich dem Vergleichszweck.<br \/>\nDie angebotenen Artikel sind, sofern nicht anders angegeben, Nachbauteile in Erstausr\u00fcsterqualit\u00e4t.<\/span><\/p>\n<details>\n<summary style=\"cursor: pointer;color: #06c;font-size: 15px\">Herstellerinformation<\/summary>\n<div class=\"manufacturer-info\" style=\"padding: 10px;border: 1px solid #888;margin-top: 10px;background-color: #f9f9f9\">\n<p><b>Truckmotive GmbH<\/b><br \/>Welschenkamp 18<br \/>DE-47138 Duisburg &#8211; DE<br \/>Tel.: <br \/>Mail: hallo@truckmotive.de<\/p>\n<\/p><\/div>\n<\/details><\/div>\n","protected":false},"excerpt":{"rendered":"<div style=\"font-size:15px\">\n<p style=\"font-size:17px;color:black\"><b>Lieferumfang:<\/b><\/p>\n<p style=\"padding-top:6px\">1x Federspanner \u00dcbertotpunktspanner <\/p>\n<p><\/br><\/p>\n<p style=\"font-size:17px;color:black\"><b>Passend f\u00fcr<\/b><\/p>\n<ul style=\"padding-top:6px\">\n<li>universal einsetzbar<\/li>\n<\/ul>\n<p><span style=\"font-size:12px\">Das Ersatzteil passt unter anderem f\u00fcr die oben genannten Modelle. Bitte pr\u00fcfen Sie die Ersatzteil-Nummer, um eine Fehlbestellung zu vermeiden. Nicht sicher, ob das Teil passt? Kontaktieren Sie uns!<\/span><\/p>\n<\/div>\n","protected":false},"featured_media":177644,"comment_status":"open","ping_status":"closed","template":"","meta":[],"_links":{"self":[{"href":"https:\/\/lkw-teile-truckmotive.de\/index.php\/wp-json\/wp\/v2\/product\/48068"}],"collection":[{"href":"https:\/\/lkw-teile-truckmotive.de\/index.php\/wp-json\/wp\/v2\/product"}],"about":[{"href":"https:\/\/lkw-teile-truckmotive.de\/index.php\/wp-json\/wp\/v2\/types\/product"}],"replies":[{"embeddable":true,"href":"https:\/\/lkw-teile-truckmotive.de\/index.php\/wp-json\/wp\/v2\/comments?post=48068"}],"wp:featuredmedia":[{"embeddable":true,"href":"https:\/\/lkw-teile-truckmotive.de\/index.php\/wp-json\/wp\/v2\/media\/177644"}],"wp:attachment":[{"href":"https:\/\/lkw-teile-truckmotive.de\/index.php\/wp-json\/wp\/v2\/media?parent=48068"}],"curies":[{"name":"wp","href":"https:\/\/api.w.org\/{rel}","templated":true}]}}